{"id":14414,"date":"2022-05-30T12:44:46","date_gmt":"2022-05-30T17:44:46","guid":{"rendered":"https:\/\/rayitodesol.edu.ec\/?post_type=tribe_events&#038;p=14414"},"modified":"2022-06-06T18:23:57","modified_gmt":"2022-06-06T23:23:57","slug":"graduacion-maternal-2-y-kinder","status":"publish","type":"tribe_events","link":"https:\/\/rayitodesol.edu.ec\/index.php\/event\/graduacion-maternal-2-y-kinder\/","title":{"rendered":"Graduaci\u00f3n Maternal 2 Y Kinder"},"content":{"rendered":"\r\n\r\n\r\n\r\n\r\n<p>Este d\u00eda realizaremos la ceremonia de graduaci\u00f3n de quienes culminan Inicial 1 (maternal 2) e Inicial 2 (kinder).<\/p>\r\n<p>Este evento es significativo y especial ya que marca el primer hito acad\u00e9mico antes de que un ni\u00f1o ingrese a la escuela primaria.<\/p>\r\n\r\n\r\n\r\n\r\n\r\n\r\n","protected":false},"excerpt":{"rendered":"<p>Este d\u00eda realizaremos la ceremonia de graduaci\u00f3n de quienes culminan Inicial 1 (maternal 2) e Inicial 2 (kinder).<br \/>\nEste evento es significativo y especial ya que marca el primer hito acad\u00e9mico antes de que un ni\u00f1o ingrese a la escuela primaria. <\/p>\n","protected":false},"author":1,"featured_media":14689,"template":"","meta":{"om_disable_all_campaigns":false,"_monsterinsights_skip_tracking":false,"_monsterinsights_sitenote_active":false,"_monsterinsights_sitenote_note":"","_monsterinsights_sitenote_category":0,"_tribe_events_status":"","_tribe_events_status_reason":"","footnotes":""},"tags":[],"tribe_events_cat":[34],"class_list":["post-14414","tribe_events","type-tribe_events","status-publish","has-post-thumbnail","hentry","tribe_events_cat-calendario-escolar","cat_calendario-escolar"],"yoast_head":"<!-- This site is optimized with the Yoast SEO plugin v27.5 - https:\/\/yoast.com\/product\/yoast-seo-wordpress\/ -->\n<title>Graduaci\u00f3n Maternal 2 Y Kinder - Rayito de Sol<\/title>\n<meta name=\"robots\" content=\"index, follow, max-snippet:-1, max-image-preview:large, max-video-preview:-1\" \/>\n<link rel=\"canonical\" href=\"https:\/\/rayitodesol.edu.ec\/index.php\/event\/graduacion-maternal-2-y-kinder\/\" \/>\n<meta property=\"og:locale\" content=\"es_ES\" \/>\n<meta property=\"og:type\" content=\"article\" \/>\n<meta property=\"og:title\" content=\"Graduaci\u00f3n Maternal 2 Y Kinder - Rayito de Sol\" \/>\n<meta property=\"og:description\" content=\"Este d\u00eda realizaremos la ceremonia de graduaci\u00f3n de quienes culminan Inicial 1 (maternal 2) e Inicial 2 (kinder).  Este evento es significativo y especial ya que marca el primer hito acad\u00e9mico antes de que un ni\u00f1o ingrese a la escuela primaria.\" \/>\n<meta property=\"og:url\" content=\"https:\/\/rayitodesol.edu.ec\/index.php\/event\/graduacion-maternal-2-y-kinder\/\" \/>\n<meta property=\"og:site_name\" content=\"Rayito de Sol\" \/>\n<meta property=\"article:modified_time\" content=\"2022-06-06T23:23:57+00:00\" \/>\n<meta property=\"og:image\" content=\"https:\/\/rayitodesol.edu.ec\/wp-content\/uploads\/2022\/05\/29.jpg\" \/>\n\t<meta property=\"og:image:width\" content=\"729\" \/>\n\t<meta property=\"og:image:height\" content=\"561\" \/>\n\t<meta property=\"og:image:type\" content=\"image\/jpeg\" \/>\n<meta name=\"twitter:card\" content=\"summary_large_image\" \/>\n<meta name=\"twitter:label1\" content=\"Tiempo de lectura\" \/>\n\t<meta name=\"twitter:data1\" content=\"1 minuto\" \/>\n<script type=\"application\/ld+json\" class=\"yoast-schema-graph\">{\"@context\":\"https:\\\/\\\/schema.org\",\"@graph\":[{\"@type\":\"WebPage\",\"@id\":\"https:\\\/\\\/rayitodesol.edu.ec\\\/index.php\\\/event\\\/graduacion-maternal-2-y-kinder\\\/\",\"url\":\"https:\\\/\\\/rayitodesol.edu.ec\\\/index.php\\\/event\\\/graduacion-maternal-2-y-kinder\\\/\",\"name\":\"Graduaci\u00f3n Maternal 2 Y Kinder - Rayito de Sol\",\"isPartOf\":{\"@id\":\"https:\\\/\\\/rayitodesol.edu.ec\\\/#website\"},\"primaryImageOfPage\":{\"@id\":\"https:\\\/\\\/rayitodesol.edu.ec\\\/index.php\\\/event\\\/graduacion-maternal-2-y-kinder\\\/#primaryimage\"},\"image\":{\"@id\":\"https:\\\/\\\/rayitodesol.edu.ec\\\/index.php\\\/event\\\/graduacion-maternal-2-y-kinder\\\/#primaryimage\"},\"thumbnailUrl\":\"https:\\\/\\\/i0.wp.com\\\/rayitodesol.edu.ec\\\/wp-content\\\/uploads\\\/2022\\\/05\\\/29.jpg?fit=729%2C561&ssl=1\",\"datePublished\":\"2022-05-30T17:44:46+00:00\",\"dateModified\":\"2022-06-06T23:23:57+00:00\",\"breadcrumb\":{\"@id\":\"https:\\\/\\\/rayitodesol.edu.ec\\\/index.php\\\/event\\\/graduacion-maternal-2-y-kinder\\\/#breadcrumb\"},\"inLanguage\":\"es\",\"potentialAction\":[{\"@type\":\"ReadAction\",\"target\":[\"https:\\\/\\\/rayitodesol.edu.ec\\\/index.php\\\/event\\\/graduacion-maternal-2-y-kinder\\\/\"]}]},{\"@type\":\"ImageObject\",\"inLanguage\":\"es\",\"@id\":\"https:\\\/\\\/rayitodesol.edu.ec\\\/index.php\\\/event\\\/graduacion-maternal-2-y-kinder\\\/#primaryimage\",\"url\":\"https:\\\/\\\/i0.wp.com\\\/rayitodesol.edu.ec\\\/wp-content\\\/uploads\\\/2022\\\/05\\\/29.jpg?fit=729%2C561&ssl=1\",\"contentUrl\":\"https:\\\/\\\/i0.wp.com\\\/rayitodesol.edu.ec\\\/wp-content\\\/uploads\\\/2022\\\/05\\\/29.jpg?fit=729%2C561&ssl=1\",\"width\":729,\"height\":561},{\"@type\":\"BreadcrumbList\",\"@id\":\"https:\\\/\\\/rayitodesol.edu.ec\\\/index.php\\\/event\\\/graduacion-maternal-2-y-kinder\\\/#breadcrumb\",\"itemListElement\":[{\"@type\":\"ListItem\",\"position\":1,\"name\":\"Home\",\"item\":\"https:\\\/\\\/rayitodesol.edu.ec\\\/\"},{\"@type\":\"ListItem\",\"position\":2,\"name\":\"Events\",\"item\":\"https:\\\/\\\/rayitodesol.edu.ec\\\/index.php\\\/events\\\/\"},{\"@type\":\"ListItem\",\"position\":3,\"name\":\"Graduaci\u00f3n Maternal 2 Y Kinder\"}]},{\"@type\":\"WebSite\",\"@id\":\"https:\\\/\\\/rayitodesol.edu.ec\\\/#website\",\"url\":\"https:\\\/\\\/rayitodesol.edu.ec\\\/\",\"name\":\"Rayito de Sol\",\"description\":\"Jard\u00edn - Escuela Particular y Cuidado Diario\",\"potentialAction\":[{\"@type\":\"SearchAction\",\"target\":{\"@type\":\"EntryPoint\",\"urlTemplate\":\"https:\\\/\\\/rayitodesol.edu.ec\\\/?s={search_term_string}\"},\"query-input\":{\"@type\":\"PropertyValueSpecification\",\"valueRequired\":true,\"valueName\":\"search_term_string\"}}],\"inLanguage\":\"es\"}]}<\/script>\n<!-- \/ Yoast SEO plugin. -->","yoast_head_json":{"title":"Graduaci\u00f3n Maternal 2 Y Kinder - Rayito de Sol","robots":{"index":"index","follow":"follow","max-snippet":"max-snippet:-1","max-image-preview":"max-image-preview:large","max-video-preview":"max-video-preview:-1"},"canonical":"https:\/\/rayitodesol.edu.ec\/index.php\/event\/graduacion-maternal-2-y-kinder\/","og_locale":"es_ES","og_type":"article","og_title":"Graduaci\u00f3n Maternal 2 Y Kinder - Rayito de Sol","og_description":"Este d\u00eda realizaremos la ceremonia de graduaci\u00f3n de quienes culminan Inicial 1 (maternal 2) e Inicial 2 (kinder).  Este evento es significativo y especial ya que marca el primer hito acad\u00e9mico antes de que un ni\u00f1o ingrese a la escuela primaria.","og_url":"https:\/\/rayitodesol.edu.ec\/index.php\/event\/graduacion-maternal-2-y-kinder\/","og_site_name":"Rayito de Sol","article_modified_time":"2022-06-06T23:23:57+00:00","og_image":[{"width":729,"height":561,"url":"https:\/\/rayitodesol.edu.ec\/wp-content\/uploads\/2022\/05\/29.jpg","type":"image\/jpeg"}],"twitter_card":"summary_large_image","twitter_misc":{"Tiempo de lectura":"1 minuto"},"schema":{"@context":"https:\/\/schema.org","@graph":[{"@type":"WebPage","@id":"https:\/\/rayitodesol.edu.ec\/index.php\/event\/graduacion-maternal-2-y-kinder\/","url":"https:\/\/rayitodesol.edu.ec\/index.php\/event\/graduacion-maternal-2-y-kinder\/","name":"Graduaci\u00f3n Maternal 2 Y Kinder - Rayito de Sol","isPartOf":{"@id":"https:\/\/rayitodesol.edu.ec\/#website"},"primaryImageOfPage":{"@id":"https:\/\/rayitodesol.edu.ec\/index.php\/event\/graduacion-maternal-2-y-kinder\/#primaryimage"},"image":{"@id":"https:\/\/rayitodesol.edu.ec\/index.php\/event\/graduacion-maternal-2-y-kinder\/#primaryimage"},"thumbnailUrl":"https:\/\/i0.wp.com\/rayitodesol.edu.ec\/wp-content\/uploads\/2022\/05\/29.jpg?fit=729%2C561&ssl=1","datePublished":"2022-05-30T17:44:46+00:00","dateModified":"2022-06-06T23:23:57+00:00","breadcrumb":{"@id":"https:\/\/rayitodesol.edu.ec\/index.php\/event\/graduacion-maternal-2-y-kinder\/#breadcrumb"},"inLanguage":"es","potentialAction":[{"@type":"ReadAction","target":["https:\/\/rayitodesol.edu.ec\/index.php\/event\/graduacion-maternal-2-y-kinder\/"]}]},{"@type":"ImageObject","inLanguage":"es","@id":"https:\/\/rayitodesol.edu.ec\/index.php\/event\/graduacion-maternal-2-y-kinder\/#primaryimage","url":"https:\/\/i0.wp.com\/rayitodesol.edu.ec\/wp-content\/uploads\/2022\/05\/29.jpg?fit=729%2C561&ssl=1","contentUrl":"https:\/\/i0.wp.com\/rayitodesol.edu.ec\/wp-content\/uploads\/2022\/05\/29.jpg?fit=729%2C561&ssl=1","width":729,"height":561},{"@type":"BreadcrumbList","@id":"https:\/\/rayitodesol.edu.ec\/index.php\/event\/graduacion-maternal-2-y-kinder\/#breadcrumb","itemListElement":[{"@type":"ListItem","position":1,"name":"Home","item":"https:\/\/rayitodesol.edu.ec\/"},{"@type":"ListItem","position":2,"name":"Events","item":"https:\/\/rayitodesol.edu.ec\/index.php\/events\/"},{"@type":"ListItem","position":3,"name":"Graduaci\u00f3n Maternal 2 Y Kinder"}]},{"@type":"WebSite","@id":"https:\/\/rayitodesol.edu.ec\/#website","url":"https:\/\/rayitodesol.edu.ec\/","name":"Rayito de Sol","description":"Jard\u00edn - Escuela Particular y Cuidado Diario","potentialAction":[{"@type":"SearchAction","target":{"@type":"EntryPoint","urlTemplate":"https:\/\/rayitodesol.edu.ec\/?s={search_term_string}"},"query-input":{"@type":"PropertyValueSpecification","valueRequired":true,"valueName":"search_term_string"}}],"inLanguage":"es"}]}},"jetpack_sharing_enabled":true,"_links":{"self":[{"href":"https:\/\/rayitodesol.edu.ec\/index.php\/wp-json\/wp\/v2\/tribe_events\/14414","targetHints":{"allow":["GET"]}}],"collection":[{"href":"https:\/\/rayitodesol.edu.ec\/index.php\/wp-json\/wp\/v2\/tribe_events"}],"about":[{"href":"https:\/\/rayitodesol.edu.ec\/index.php\/wp-json\/wp\/v2\/types\/tribe_events"}],"author":[{"embeddable":true,"href":"https:\/\/rayitodesol.edu.ec\/index.php\/wp-json\/wp\/v2\/users\/1"}],"version-history":[{"count":4,"href":"https:\/\/rayitodesol.edu.ec\/index.php\/wp-json\/wp\/v2\/tribe_events\/14414\/revisions"}],"predecessor-version":[{"id":14690,"href":"https:\/\/rayitodesol.edu.ec\/index.php\/wp-json\/wp\/v2\/tribe_events\/14414\/revisions\/14690"}],"wp:featuredmedia":[{"embeddable":true,"href":"https:\/\/rayitodesol.edu.ec\/index.php\/wp-json\/wp\/v2\/media\/14689"}],"wp:attachment":[{"href":"https:\/\/rayitodesol.edu.ec\/index.php\/wp-json\/wp\/v2\/media?parent=14414"}],"wp:term":[{"taxonomy":"post_tag","embeddable":true,"href":"https:\/\/rayitodesol.edu.ec\/index.php\/wp-json\/wp\/v2\/tags?post=14414"},{"taxonomy":"tribe_events_cat","embeddable":true,"href":"https:\/\/rayitodesol.edu.ec\/index.php\/wp-json\/wp\/v2\/tribe_events_cat?post=14414"}],"curies":[{"name":"wp","href":"https:\/\/api.w.org\/{rel}","templated":true}]}}